{"version":"1.0","provider_name":"Csak 1 mosoly kell...!:) - T\u0171z blogja","provider_url":"https:\/\/tuz.cafeblog.hu","author_name":"Tuz","author_url":"https:\/\/tuz.cafeblog.hu\/author\/Tuz\/","title":"Kar\u00e1csony 2008.","html":"<div style=\"text-align: justify;\"><img src=\"https:\/\/tuz.cafeblog.hu\/files\/Sarokminta06.gif\" class=\"blogkep\" align=\"left\"><img src=\"https:\/\/tuz.cafeblog.hu\/files\/Sarokminta07.gif\" class=\"blogkep\" align=\"right\"><span style=\"font-family: Times New Roman;\"><span style=\"font-size: 18px;\"><span style=\"color: rgb(102, 153, 0);\"><span style=\"font-family: Times New Roman;\">Els\u0151 kar\u00e1csonyom k\u00fcl\u00f6n anyus\u00e9kt\u00f3l. Na, nem eg\u00e9szen, hiszen a mai vacsora n\u00e1luk volt: Hugommal anyus\u00e9kn\u00e1l t\u00f6lt\u00f6tt\u00fck az est\u00e9t (igaz, \u0151 ott is maradt). Kar\u00e1csonyaink, a \nzs\u00f6rt\u00f6l\u0151d\u00e9sek ellen\u00e9re is, nagyon j\u00f3k voltak eddig. Az idei azonban fel\u00fclm\u00falta \nszerintem az \u00f6sszes eddigit. F\u0151leg apus, aki most vette a lapot a tr\u00e9f\u00e1ra, \nvihogott \u0151 is vel\u00fcnk egy\u00fctt: a vacsora alatt is, a fa k\u00f6r\u00fcl is. Persze mindenki megszegte az \u00edg\u00e9retet: m\u00e1r nem vesz\u00fcnk senkinek semmit... Mindenki valami apr\u00f3s\u00e1ggal lepte meg a t\u00f6bbieket. De ez \u00edgy van j\u00f3l, mert ez azt jelzi, hogy figyel\u00fcnk a m\u00e1sikra, szeretj\u00fck egym\u00e1st.<\/span><br><\/span><\/span><\/span><br><span style=\"font-family: Times New Roman;\"><span style=\"font-size: 18px;\"><span style=\"color: rgb(153, 102, 0);\"><span style=\"color: rgb(255, 102, 0);\">Az alaphangulatot szerintem az hat\u00e1rozta meg, hogy mikor elindultam, akkor sz\u00e9p pelyhekben elkezdett hullani a h\u00f3. Nem volt intenz\u00edv, de nagyon sz\u00e9p volt. Mintha azt akarta volna a j\u00f3 istenke is, hogy szentest\u00e9re legyen h\u00f3 is.:))<\/span><\/span><\/span><\/span><br><br><center><center><img src=\"https:\/\/tuz.cafeblog.hu\/files\/Girland07.gif\" class=\"blogkep\" align=\"center\"><\/center><\/center><br><span style=\"font-family: Times New Roman; font-size: 18px; color: rgb(102, 153, 0);\"><span style=\"font-size: 18px; color: rgb(255, 102, 0);\"><\/span><span style=\"color: rgb(255, 102, 0); font-size: 18px;\"><span style=\"color: rgb(0, 0, 255);\">Hazafel\u00e9 \nj\u00f6vet, egy gyerekkori szomsz\u00e9dl\u00e1nnyal tal\u00e1lkoztam. Azt hitte nincs kivel \nt\u00f6ltenem a szentest\u00e9t. Ezzel sz\u00f3ba is elegyedt\u00fcnk \u00e9s elmondtuk di\u00f3h\u00e9jban kivel \nmi van mostans\u00e1g. Azt\u00e1n szaladt, hogy m\u00edg anyusa k\u00e9sz\u00fcl\u0151dik, addig elj\u00e1tssza az \nangyalk\u00e1t. <\/span><\/span><\/span><br><br><center><center><center><img src=\"https:\/\/tuz.cafeblog.hu\/files\/Girland04.gif\" class=\"blogkep\" align=\"center\"><\/center><\/center><\/center><br><span style=\"font-family: Times New Roman; font-size: 18px; color: rgb(255, 102, 0);\"><span style=\"font-size: 18px; color: rgb(0, 0, 255);\"><\/span><span style=\"color: rgb(0, 0, 255); font-size: 18px;\"><span style=\"color: rgb(0, 0, 0);\">Itthon azt\u00e1n seggrecs\u00fcccs lett: ember tervez, isten \nv\u00e9gez.:(( Rem\u00e9lem az\u00e9rt hamarosan m\u00e1s lesz. <\/span><\/span><\/span><br><br><span style=\"font-family: Times New Roman; font-size: 18px; color: rgb(0, 0, 0);\">Besz\u00e9ltem legjobb Bar\u00e1tommal \nis, aki fel\u00e1ll\u00edtott egy f\u00e1csk\u00e1t a fi\u00e1nak, mert ... A picit \nm\u00e9g \u00e9rdekli a kar\u00e1csonyfa, ez\u00e9rt az apuja d\u00edsz\u00edtett neki egyet. Legal\u00e1bb neki \nlegyen ma \u00f6r\u00f6me, ha m\u00e1r...ilyen hullad\u00e9k a saj\u00e1t anyja.:(((( Anya? NEM anya az \nilyen!!!!!!!!! Ez egy, ez egy... (rekl\u00e1m ut\u00e1n szabadon)<\/span><span style=\"font-family: Times New Roman; font-size: 18px; color: rgb(0, 0, 0);\">...egy sz\u00f3val: szomor\u00fa.:((<\/span><br><br><center><img src=\"https:\/\/tuz.cafeblog.hu\/files\/Girland19.gif\" class=\"blogkep\" align=\"center\"><\/center><br><span style=\"font-family: Times New Roman; font-size: 18px; color: rgb(0, 0, 0);\"><span style=\"font-size: 18px; color: rgb(0, 0, 0);\"><\/span><span style=\"color: rgb(0, 0, 0); font-size: 18px;\"><span style=\"color: rgb(255, 0, 255);\">A TVben nem l\u00e9v\u00e9n norm\u00e1lis n\u00e9znival\u00f3, bekuklkantottam kedvenc oldalamra. \nMeg is \u00edrtam ott egy klassz kis Napl\u00f3 bejegyz\u00e9st, ami annak \u00e9s rendje m\u00f3dja szerint \nelsz\u00e1llt, mert kil\u00e9ptetett a netr\u0151l a g\u00e9pem.:(( \u00cdgy most ez nem siker\u00fcl \u00fagy, \nahogy az eredeti. <\/span><\/span><\/span><br><span style=\"font-family: Times New Roman; font-size: 18px; color: rgb(255, 0, 255);\">Sz\u00f3val bel\u00e9ptem \u00e9s azonnal \u00e9rtes\u00fcltem az \u00f6r\u00f6mh\u00edrr\u0151l: a \nkisded megsz\u00fcletett! A p\u00e1rnak, akik az oldalt csin\u00e1lj\u00e1k, megsz\u00fcletett a kisl\u00e1nya, Luca baba.<\/span><span style=\"font-family: Times New Roman; font-size: 18px;\"><span style=\"font-size: 18px; color: rgb(255, 0, 255);\">\u263a <\/span><\/span><span style=\"font-family: Times New Roman; font-size: 18px;\"><span style=\"color: rgb(255, 0, 255); font-size: 18px;\"> Enn\u00e9l szebb kar\u00e1csonyi \naj\u00e1nd\u00e9kot elk\u00e9pzelni sem tudn\u00e9k.<\/span><span style=\"font-size: 18px; color: rgb(255, 0, 255);\">\u263a<\/span><span style=\"color: rgb(255, 0, 255); font-size: 18px;\"> Sok boldogs\u00e1got \u00e9s eg\u00e9szs\u00e9get a bab\u00e1nak \u00e9s a \nmam\u00e1nak...\u00e9s a kis csal\u00e1dnak!<\/span><span style=\"font-size: 18px; color: rgb(255, 0, 255);\">\u263a<\/span><span style=\"color: rgb(255, 0, 255); font-size: 18px;\"> <\/span><\/span><br><center><img src=\"https:\/\/tuz.cafeblog.hu\/files\/Girland20.gif\" class=\"blogkep\" align=\"center\"><\/center><br><span style=\"font-family: Times New Roman; font-size: 18px;\"><span style=\"color: rgb(255, 0, 255);\"><span style=\"font-size: 18px; color: rgb(255, 0, 255);\"><\/span><span style=\"color: rgb(255, 0, 255); font-size: 18px;\"><span style=\"color: rgb(153, 51, 0);\">Vele is besz\u00e9lgettem, hogy \nmelyik\u00fcnknek hogyan telt az est\u00e9je. Hamarosan tal\u00e1lkozunk: megyek hozz\u00e1juk. \nK\u00f6sz\u00f6n\u00f6m vasutasok, hogy m\u00e1r nem sztr\u00e1jkoltok az id\u00e9n!<\/span><\/span><\/span><span style=\"font-size: 18px; color: rgb(153, 51, 0);\">\u263a <\/span><\/span><br><img src=\"https:\/\/tuz.cafeblog.hu\/files\/Naptar_dec24_25.gif\" class=\"blogkep\" align=\"right\"><br><span style=\"font-family: Times New Roman; font-size: 18px; color: rgb(153, 51, 0);\"><\/span><div style=\"text-align: center;\"><img src=\"https:\/\/tuz.cafeblog.hu\/files\/Girland22.gif\" class=\"blogkep\" align=\"left\"><span style=\"font-family: Times New Roman; font-size: 20px; color: rgb(102, 51, 204);\"><span style=\"color: rgb(153, 51, 0); font-size: 18px;\"><span style=\"color: rgb(255, 0, 0);\">B\u00e9k\u00e9s, boldog \u00e9s \nszeretetteljes kar\u00e1csonyt k\u00edv\u00e1nok Mindenkinek!&nbsp;<\/span><\/span><\/span><\/div><br><span style=\"font-family: Times New Roman; font-size: 20px;\"><span style=\"color: rgb(255, 0, 0);\"><span style=\"font-size: 18px; color: rgb(153, 51, 0);\"><\/span><span style=\"font-size: 16px;\"><span style=\"font-size: 18px; color: rgb(153, 51, 0);\"><\/span><span style=\"color: rgb(153, 51, 0); font-size: 18px;\"><span style=\"font-size: 16px;\"><span style=\"color: rgb(0, 0, 0);\">(Mindennek \u00f6r\u00f6m\u00e9re most \nleiszom magam...borlevessel...m\u00e9g mindig!<\/span><\/span><\/span><\/span><\/span><span style=\"font-size: 16px; color: rgb(0, 0, 0);\">\u263a)<br><br><br><\/span><\/span><\/div>","type":"rich"}